{"id":3770,"date":"2025-12-27T19:09:56","date_gmt":"2025-12-27T19:09:56","guid":{"rendered":"https:\/\/web.somdelbarri.es\/?page_id=3770"},"modified":"2025-12-29T17:37:49","modified_gmt":"2025-12-29T17:37:49","slug":"les-nostres-artesanes","status":"publish","type":"page","link":"https:\/\/web.somdelbarri.es\/?page_id=3770","title":{"rendered":"Les Nostres Artesanes"},"content":{"rendered":"\n<div class=\"wp-block-media-text alignwide is-stacked-on-mobile has-medium-font-size\" style=\"grid-template-columns:20% auto\"><figure class=\"wp-block-media-text__media\"><img decoding=\"async\" loading=\"lazy\" width=\"2480\" height=\"3509\" src=\"https:\/\/web.somdelbarri.es\/wp-content\/uploads\/2025\/12\/fatale-red.jpg\" alt=\"\" class=\"wp-image-3801 size-full\"\/><\/figure><div class=\"wp-block-media-text__content\">\n<p class=\"has-medium-font-size\"><strong>Fatale Red<\/strong><\/p>\n\n\n\n<p class=\"has-small-font-size\">Este proyecto nace del deseo de expresar fuerza, belleza y rebeld\u00eda a trav\u00e9s del dise\u00f1o. Si conectas con lo distinto, lo oscuro y lo aut\u00e9ntico,&nbsp;Fatale Red&nbsp;es para ti.<\/p>\n\n\n\n<p class=\"has-small-font-size\"><a href=\"https:\/\/www.instagram.com\/fatale_red\/\">Instagram<\/a><\/p>\n\n\n\n<p><\/p>\n<\/div><\/div>\n\n\n\n<div class=\"wp-block-media-text alignwide is-stacked-on-mobile\" style=\"grid-template-columns:20% auto\"><figure class=\"wp-block-media-text__media\"><img decoding=\"async\" loading=\"lazy\" width=\"1240\" height=\"1755\" src=\"https:\/\/web.somdelbarri.es\/wp-content\/uploads\/2025\/12\/shelome_page-0001.jpg\" alt=\"\" class=\"wp-image-3805 size-full\"\/><\/figure><div class=\"wp-block-media-text__content\">\n<p class=\"has-medium-font-size\"><strong>Shelome Bags<\/strong><\/p>\n\n\n\n<p class=\"has-small-font-size\">Bolsos, monederos y accesorios hechos a mano, con telas.<\/p>\n\n\n\n<p class=\"has-small-font-size\"><a href=\"https:\/\/www.instagram.com\/shelomebags\/\">Instagram<\/a><\/p>\n\n\n\n<p><\/p>\n<\/div><\/div>\n\n\n\n<div class=\"wp-block-media-text alignwide is-stacked-on-mobile\" style=\"grid-template-columns:20% auto\"><figure class=\"wp-block-media-text__media\"><img decoding=\"async\" loading=\"lazy\" width=\"1060\" height=\"1499\" src=\"https:\/\/web.somdelbarri.es\/wp-content\/uploads\/2025\/12\/Accesorios-artesanales-para-ti-y-tu-casa.-Todos-hechos-a-mano-con-cuidado-y-amor-1.jpg\" alt=\"\" class=\"wp-image-3887 size-full\"\/><\/figure><div class=\"wp-block-media-text__content\">\n<p class=\"has-medium-font-size\"><strong>Marichica Studio<\/strong><\/p>\n\n\n\n<p class=\"has-small-font-size\">Velas relajantes, jabones perfumados, bisuteria artesanales y accesorios hechos a mano. Todo realizado con mucho amor y cuidadosamente de la mano.<\/p>\n\n\n\n<p class=\"has-small-font-size\"><a href=\"https:\/\/www.instagram.com\/marichica.studio\/\" data-type=\"URL\" data-id=\"https:\/\/www.instagram.com\/marichica.studio\/\">Instagram<\/a><\/p>\n<\/div><\/div>\n\n\n\n<div class=\"wp-block-media-text alignwide is-stacked-on-mobile\" style=\"grid-template-columns:20% auto\"><figure class=\"wp-block-media-text__media\"><img decoding=\"async\" loading=\"lazy\" width=\"1240\" height=\"1755\" src=\"https:\/\/web.somdelbarri.es\/wp-content\/uploads\/2025\/12\/infinite_page-0001.jpg\" alt=\"\" class=\"wp-image-3807 size-full\"\/><\/figure><div class=\"wp-block-media-text__content\">\n<p class=\"has-medium-font-size\"><strong>Infinite Baby Love<\/strong><\/p>\n\n\n\n<p class=\"has-small-font-size\">Chupeteros, y llaveros personalizados Bolsos, accesorios y mucho m\u00e1s de la mano de&nbsp;Infinite Baby Love<\/p>\n\n\n\n<p class=\"has-small-font-size\"><a href=\"https:\/\/www.instagram.com\/infinitebabylove\/\">Instagram<\/a><\/p>\n<\/div><\/div>\n\n\n\n<div class=\"wp-block-media-text alignwide is-stacked-on-mobile\" style=\"grid-template-columns:20% auto\"><figure class=\"wp-block-media-text__media\"><img decoding=\"async\" loading=\"lazy\" width=\"1240\" height=\"1755\" src=\"https:\/\/web.somdelbarri.es\/wp-content\/uploads\/2025\/12\/emilia_page-0001.jpg\" alt=\"\" class=\"wp-image-3808 size-full\"\/><\/figure><div class=\"wp-block-media-text__content\">\n<p class=\"has-medium-font-size\"><strong>Emilia Creaciones<\/strong><\/p>\n\n\n\n<p class=\"has-small-font-size\">De la dificultad y la superaci\u00f3n surgieron mis creaciones artesanales. Emilia Creaciones,&nbsp;bisuter\u00eda en micro macrame.<\/p>\n\n\n\n<p class=\"has-small-font-size\"><a href=\"https:\/\/www.instagram.com\/emiliagarciaoliver\/\">Instagram<\/a><\/p>\n<\/div><\/div>\n\n\n\n<div class=\"wp-block-media-text alignwide is-stacked-on-mobile\" style=\"grid-template-columns:20% auto\"><figure class=\"wp-block-media-text__media\"><img decoding=\"async\" loading=\"lazy\" width=\"1240\" height=\"1755\" src=\"https:\/\/web.somdelbarri.es\/wp-content\/uploads\/2025\/12\/lima-colors_page-0001.jpg\" alt=\"\" class=\"wp-image-3810 size-full\"\/><\/figure><div class=\"wp-block-media-text__content\">\n<p class=\"has-medium-font-size\"><strong>Lima Colors<\/strong><\/p>\n\n\n\n<p class=\"has-small-font-size\">En Lima Colors&nbsp;fusionamos creatividad, artesan\u00eda y energ\u00eda positiva. Dise\u00f1amos accesorios personalizados con materiales \u00fanicos, trabajados a mano y cargados de intenci\u00f3n amorosa.<br>Cada pieza es m\u00e1s que un accesorio: es un amuleto que conecta contigo.<\/p>\n\n\n\n<p class=\"has-small-font-size\"><a href=\"https:\/\/www.instagram.com\/lima.colors3\/\">Instagram<\/a><\/p>\n<\/div><\/div>\n\n\n\n<div class=\"wp-block-media-text alignwide is-stacked-on-mobile\" style=\"grid-template-columns:20% auto\"><figure class=\"wp-block-media-text__media\"><img decoding=\"async\" loading=\"lazy\" width=\"1240\" height=\"1755\" src=\"https:\/\/web.somdelbarri.es\/wp-content\/uploads\/2025\/12\/leirbag_page-0001.jpg\" alt=\"\" class=\"wp-image-3811 size-full\"\/><\/figure><div class=\"wp-block-media-text__content\">\n<p class=\"has-medium-font-size\"><strong>Leirbag<\/strong><\/p>\n\n\n\n<p class=\"has-small-font-size\">De la dificultad surgi\u00f3 la creaci\u00f3n y de la superaci\u00f3n, la artesan\u00eda.<br>LEIRBAG: Adquisiciones fundamentales<\/p>\n\n\n\n<p class=\"has-small-font-size\"><a href=\"https:\/\/www.instagram.com\/leirbag_reinildis\/\">Instagram<\/a><\/p>\n<\/div><\/div>\n\n\n\n<div class=\"wp-block-media-text alignwide is-stacked-on-mobile\" style=\"grid-template-columns:20% auto\"><figure class=\"wp-block-media-text__media\"><img decoding=\"async\" loading=\"lazy\" width=\"1240\" height=\"1755\" src=\"https:\/\/web.somdelbarri.es\/wp-content\/uploads\/2025\/12\/jardin-de-papel_page-0001.jpg\" alt=\"\" class=\"wp-image-3812 size-full\"\/><\/figure><div class=\"wp-block-media-text__content\">\n<p class=\"has-medium-font-size\"><strong>Jard\u00edn de Papel<\/strong><\/p>\n\n\n\n<p class=\"has-small-font-size\">Creaci\u00f3nes art\u00edsticas en papel,tela,c\u00e1psulas de cafe para todo tipo de eventos hechos a mano y personalizados.<\/p>\n\n\n\n<p class=\"has-small-font-size\"><a href=\"https:\/\/www.instagram.com\/_jardindepapel\/\">Instagram<\/a><\/p>\n<\/div><\/div>\n\n\n\n<div class=\"wp-block-media-text alignwide is-stacked-on-mobile\" style=\"grid-template-columns:20% auto\"><figure class=\"wp-block-media-text__media\"><img decoding=\"async\" loading=\"lazy\" width=\"2480\" height=\"3509\" src=\"https:\/\/web.somdelbarri.es\/wp-content\/uploads\/2025\/12\/bc.jpg\" alt=\"\" class=\"wp-image-3813 size-full\"\/><\/figure><div class=\"wp-block-media-text__content\">\n<p class=\"has-medium-font-size\"><strong>BUCreaciones<\/strong><\/p>\n\n\n\n<p class=\"has-small-font-size\">Creaciones en macram\u00e9 muy diversas: bolsos, monederos, mandalas con y sin espejo, collares, pulseras, cadenas para perros, cadenas para las gafas, cinturones, llaveros, accesorios para el m\u00f3vil, recoge cortinas, tapetes, y muchas cosas m\u00e1s.<\/p>\n\n\n\n<p class=\"has-small-font-size\"><a href=\"https:\/\/www.instagram.com\/buccreaciones\/\">Instagram<\/a><\/p>\n<\/div><\/div>\n\n\n\n<div class=\"wp-block-media-text alignwide is-stacked-on-mobile\" style=\"grid-template-columns:20% auto\"><figure class=\"wp-block-media-text__media\"><img decoding=\"async\" loading=\"lazy\" width=\"2480\" height=\"3509\" src=\"https:\/\/web.somdelbarri.es\/wp-content\/uploads\/2025\/12\/rumako.jpg\" alt=\"\" class=\"wp-image-3816 size-full\"\/><\/figure><div class=\"wp-block-media-text__content\">\n<p class=\"has-medium-font-size\"><strong>Rumako<\/strong><\/p>\n\n\n\n<p class=\"has-small-font-size\">Rumako, preciosos accesorios y ropa de beb\u00e9.<\/p>\n\n\n\n<p class=\"has-small-font-size\"><a href=\"https:\/\/www.instagram.com\/delaabuelajenny\/\">Instagram<\/a><\/p>\n<\/div><\/div>\n\n\n\n<div class=\"wp-block-media-text alignwide is-stacked-on-mobile\" style=\"grid-template-columns:20% auto\"><figure class=\"wp-block-media-text__media\"><img decoding=\"async\" loading=\"lazy\" width=\"1240\" height=\"1754\" src=\"https:\/\/web.somdelbarri.es\/wp-content\/uploads\/2025\/12\/cartel_QR.jpg\" alt=\"\" class=\"wp-image-3953 size-full\"\/><\/figure><div class=\"wp-block-media-text__content\">\n<p class=\"has-medium-font-size\"><strong>La Maga del Collage<\/strong><\/p>\n\n\n\n<p class=\"has-small-font-size\">El arte del ensue\u00f1o: Visiones del mundo interno<\/p>\n\n\n\n<p class=\"has-small-font-size\"><a href=\"https:\/\/www.instagram.com\/la_maga_del_collage\/\">Instagram<\/a><\/p>\n<\/div><\/div>\n\n\n\n<div class=\"wp-block-media-text alignwide is-stacked-on-mobile\" style=\"grid-template-columns:20% auto\"><figure class=\"wp-block-media-text__media\"><img decoding=\"async\" loading=\"lazy\" width=\"1060\" height=\"1499\" src=\"https:\/\/web.somdelbarri.es\/wp-content\/uploads\/2025\/12\/botonescremalleras-1.jpg\" alt=\"\" class=\"wp-image-3956 size-full\"\/><\/figure><div class=\"wp-block-media-text__content\">\n<p class=\"has-medium-font-size\"><strong>Botones y Cremalleras<\/strong><\/p>\n\n\n\n<p class=\"has-small-font-size\">Costura de peque\u00f1o formato reutilizando y reciclando peque\u00f1os retales d\u00e1ndole otras formas y usos.<\/p>\n\n\n\n<p class=\"has-small-font-size\"><a href=\"https:\/\/www.instagram.com\/botonesycremalleras\/\">Instagram<\/a><\/p>\n<\/div><\/div>\n\n\n\n<div class=\"wp-block-media-text alignwide is-stacked-on-mobile\" style=\"grid-template-columns:20% auto\"><figure class=\"wp-block-media-text__media\"><img decoding=\"async\" loading=\"lazy\" width=\"1414\" height=\"2000\" src=\"https:\/\/web.somdelbarri.es\/wp-content\/uploads\/2025\/12\/IMG-20251229-WA0025.jpg\" alt=\"\" class=\"wp-image-3955 size-full\"\/><\/figure><div class=\"wp-block-media-text__content\">\n<p class=\"has-medium-font-size\"><strong>Sauvage Natura<\/strong><\/p>\n\n\n\n<p class=\"has-small-font-size\">Su arte florece por el amor a la naturaleza,creando piezas \u00fanicas con mucha delicadeza.\u00a0<\/p>\n\n\n\n<p class=\"has-small-font-size\"><a href=\"https:\/\/www.instagram.com\/sauvage.natura\/\">Instagram<\/a><\/p>\n<\/div><\/div>\n","protected":false},"excerpt":{"rendered":"<p>Fatale Red Este proyecto nace del deseo de expresar fuerza, belleza y rebeld\u00eda a trav\u00e9s del dise\u00f1o. Si conectas con lo distinto, lo oscuro y lo aut\u00e9ntico,&nbsp;Fatale Red&nbsp;es para ti. [&hellip;]<\/p>\n","protected":false},"author":1,"featured_media":0,"parent":0,"menu_order":0,"comment_status":"closed","ping_status":"closed","template":"","meta":[],"_links":{"self":[{"href":"https:\/\/web.somdelbarri.es\/index.php?rest_route=\/wp\/v2\/pages\/3770"}],"collection":[{"href":"https:\/\/web.somdelbarri.es\/index.php?rest_route=\/wp\/v2\/pages"}],"about":[{"href":"https:\/\/web.somdelbarri.es\/index.php?rest_route=\/wp\/v2\/types\/page"}],"author":[{"embeddable":true,"href":"https:\/\/web.somdelbarri.es\/index.php?rest_route=\/wp\/v2\/users\/1"}],"replies":[{"embeddable":true,"href":"https:\/\/web.somdelbarri.es\/index.php?rest_route=%2Fwp%2Fv2%2Fcomments&post=3770"}],"version-history":[{"count":10,"href":"https:\/\/web.somdelbarri.es\/index.php?rest_route=\/wp\/v2\/pages\/3770\/revisions"}],"predecessor-version":[{"id":3957,"href":"https:\/\/web.somdelbarri.es\/index.php?rest_route=\/wp\/v2\/pages\/3770\/revisions\/3957"}],"wp:attachment":[{"href":"https:\/\/web.somdelbarri.es\/index.php?rest_route=%2Fwp%2Fv2%2Fmedia&parent=3770"}],"curies":[{"name":"wp","href":"https:\/\/api.w.org\/{rel}","templated":true}]}}