{"id":3299,"date":"2024-04-24T18:45:57","date_gmt":"2024-04-24T18:45:57","guid":{"rendered":"https:\/\/web.somdelbarri.es\/?page_id=3299"},"modified":"2025-12-30T10:09:36","modified_gmt":"2025-12-30T10:09:36","slug":"som-la-cuina-de-9barris","status":"publish","type":"page","link":"https:\/\/web.somdelbarri.es\/?page_id=3299","title":{"rendered":"Som La Cuina Comunit\u00e0ria de 9Barris"},"content":{"rendered":"\n<figure class=\"is-layout-flex wp-block-gallery-1 wp-block-gallery has-nested-images columns-default is-cropped\">\n<figure class=\"wp-block-image size-large\"><img decoding=\"async\" loading=\"lazy\" width=\"1242\" height=\"431\" data-id=\"3300\"  src=\"https:\/\/web.somdelbarri.es\/wp-content\/uploads\/2024\/04\/Lona_Som_Cuina_9Barris-1.jpeg\" alt=\"\" class=\"wp-image-3300\"\/><\/figure>\n<\/figure>\n\n\n\n<div class=\"wp-block-file\"><object class=\"wp-block-file__embed\" data=\"https:\/\/web.somdelbarri.es\/wp-content\/uploads\/2024\/10\/Projecte-Som-la-Cuina-de-9Barris.pdf\" type=\"application\/pdf\" style=\"width:100%;height:600px\" aria-label=\"Incrustado de Projecte-Som-la-Cuina-de-9Barris.\"><\/object><a id=\"wp-block-file--media-5f3eaef2-ed75-44e6-8992-5e8089dc012e\" href=\"https:\/\/web.somdelbarri.es\/wp-content\/uploads\/2024\/10\/Projecte-Som-la-Cuina-de-9Barris.pdf\">Projecte-Som-la-Cuina-de-9Barris<\/a><a href=\"https:\/\/web.somdelbarri.es\/wp-content\/uploads\/2024\/10\/Projecte-Som-la-Cuina-de-9Barris.pdf\" class=\"wp-block-file__button wp-element-button\" download aria-describedby=\"wp-block-file--media-5f3eaef2-ed75-44e6-8992-5e8089dc012e\">Descarga<\/a><\/div>\n\n\n\n<h2>ESTRENANT LA NOSTRA TERMOPOL <\/h2>\n\n\n\n<p>El 27 de juliol dins de la festa cubana \u00abEsperando el 26\u00bb que va celebrar el Casal Popular 3 Voltes Rebel es va presentar el primer \u00abGAZPACHO\u00bb que hem elaborat. Ha estat la primera vegada que ens hem atrevit a utilitzar la termopol. <\/p>\n\n\n\n<p><\/p>\n\n\n\n<figure class=\"is-layout-flex wp-block-gallery-3 wp-block-gallery has-nested-images columns-default is-cropped\">\n<figure class=\"wp-block-image size-large\"><img decoding=\"async\" loading=\"lazy\" width=\"2048\" height=\"1536\" data-id=\"3390\"  src=\"https:\/\/web.somdelbarri.es\/wp-content\/uploads\/2024\/08\/gazpacho.jpeg\" alt=\"\" class=\"wp-image-3390\"\/><\/figure>\n\n\n\n<figure class=\"wp-block-image size-large\"><img decoding=\"async\" loading=\"lazy\" width=\"2048\" height=\"1536\" data-id=\"3391\"  src=\"https:\/\/web.somdelbarri.es\/wp-content\/uploads\/2024\/08\/ingredientes-gazpacho.jpeg\" alt=\"\" class=\"wp-image-3391\"\/><\/figure>\n\n\n\n<figure class=\"wp-block-image size-large\"><img decoding=\"async\" loading=\"lazy\" width=\"2048\" height=\"1720\" data-id=\"3394\"  src=\"https:\/\/web.somdelbarri.es\/wp-content\/uploads\/2024\/08\/pepino.jpeg\" alt=\"\" class=\"wp-image-3394\"\/><\/figure>\n\n\n\n<figure class=\"wp-block-image size-large\"><img decoding=\"async\" loading=\"lazy\" width=\"2048\" height=\"1536\" data-id=\"3393\"  src=\"https:\/\/web.somdelbarri.es\/wp-content\/uploads\/2024\/08\/pimiento.jpeg\" alt=\"\" class=\"wp-image-3393\"\/><\/figure>\n\n\n\n<figure class=\"wp-block-image size-large\"><img decoding=\"async\" loading=\"lazy\" width=\"2048\" height=\"1644\" data-id=\"3395\"  src=\"https:\/\/web.somdelbarri.es\/wp-content\/uploads\/2024\/08\/Tomate.jpeg\" alt=\"\" class=\"wp-image-3395\"\/><\/figure>\n<\/figure>\n\n\n\n<h2>FORMACI\u00d3 A LA CUINA COMUNIT\u00c0RIA DEL CABANYAL D&#8217;HORTA A VAL\u00c8NCIA<\/h2>\n\n\n\n<p>Del dilluns 2 al divendres 5 de juliol hem estat a Val\u00e8ncia aprenent a utilitzar la nostra Termopol amb el Jes\u00fas Pag\u00e1n que ha vingut de M\u00farcia i ens l&#8217;ha portada. El Chus i el Andrew ens han ensenyat a manipular-la amb les receptes que utilitzem. <\/p>\n\n\n\n<figure class=\"is-layout-flex wp-block-gallery-5 wp-block-gallery has-nested-images columns-default is-cropped\">\n<figure class=\"wp-block-image size-large\"><img decoding=\"async\" loading=\"lazy\" width=\"1200\" height=\"1600\" data-id=\"3397\"  src=\"https:\/\/web.somdelbarri.es\/wp-content\/uploads\/2024\/08\/Carmen-EmiliaJesus-1.jpeg\" alt=\"\" class=\"wp-image-3397\"\/><\/figure>\n\n\n\n<figure class=\"wp-block-image size-large\"><img decoding=\"async\" loading=\"lazy\" width=\"2000\" height=\"934\" data-id=\"3399\"  src=\"https:\/\/web.somdelbarri.es\/wp-content\/uploads\/2024\/08\/fideua-1.jpeg\" alt=\"\" class=\"wp-image-3399\"\/><\/figure>\n\n\n\n<figure class=\"wp-block-image size-large\"><img decoding=\"async\" loading=\"lazy\" width=\"1126\" height=\"2000\" data-id=\"3400\"  src=\"https:\/\/web.somdelbarri.es\/wp-content\/uploads\/2024\/08\/marmita-1-1.jpeg\" alt=\"\" class=\"wp-image-3400\"\/><\/figure>\n<\/figure>\n\n\n\n<p>El diumenge 21 d&#8217;abril, hem comen\u00e7at la campanya de difusi\u00f3 d&#8217;aquest projecte que vol al setembre comen\u00e7ar a distribuir aliments saludables, sostenibles, contra la vulnerabilitat i l&#8217;a\u00efllament i com eina d&#8217;inserci\u00f3 sociolaboral. <\/p>\n\n\n\n<p>L&#8217;espai ser\u00e0 Casal Popular autogestionat \u00ab3 Voltes Rebel\u00bb situat al barri de la Guineueta, passeig Urr\u00fatia, 125. Ens deixaran utilitzar l&#8217;espai per a posar en marxa aquesta cuina de barri utilitzant la Termopol.<\/p>\n\n\n<div class=\"wp-block-image\">\n<figure class=\"aligncenter size-full is-resized\"><img decoding=\"async\" loading=\"lazy\" src=\"https:\/\/web.somdelbarri.es\/wp-content\/uploads\/2025\/12\/WhatsApp-Image-2025-12-30-at-11.03.11.jpeg\" alt=\"\" class=\"wp-image-3982\" width=\"607\" height=\"762\"\/><\/figure><\/div>\n\n\n<figure class=\"wp-block-image size-full\"><img decoding=\"async\" loading=\"lazy\" width=\"2048\" height=\"1414\" src=\"https:\/\/web.somdelbarri.es\/wp-content\/uploads\/2024\/04\/Cartel-Termopol.jpeg\" alt=\"\" class=\"wp-image-3301\"\/><\/figure>\n\n\n\n<figure class=\"is-layout-flex wp-block-gallery-7 wp-block-gallery has-nested-images columns-default is-cropped\"><\/figure>\n","protected":false},"excerpt":{"rendered":"<p>ESTRENANT LA NOSTRA TERMOPOL El 27 de juliol dins de la festa cubana \u00abEsperando el 26\u00bb que va celebrar el Casal Popular 3 Voltes Rebel es va presentar el primer [&hellip;]<\/p>\n","protected":false},"author":1,"featured_media":0,"parent":0,"menu_order":0,"comment_status":"closed","ping_status":"closed","template":"","meta":[],"_links":{"self":[{"href":"https:\/\/web.somdelbarri.es\/index.php?rest_route=\/wp\/v2\/pages\/3299"}],"collection":[{"href":"https:\/\/web.somdelbarri.es\/index.php?rest_route=\/wp\/v2\/pages"}],"about":[{"href":"https:\/\/web.somdelbarri.es\/index.php?rest_route=\/wp\/v2\/types\/page"}],"author":[{"embeddable":true,"href":"https:\/\/web.somdelbarri.es\/index.php?rest_route=\/wp\/v2\/users\/1"}],"replies":[{"embeddable":true,"href":"https:\/\/web.somdelbarri.es\/index.php?rest_route=%2Fwp%2Fv2%2Fcomments&post=3299"}],"version-history":[{"count":7,"href":"https:\/\/web.somdelbarri.es\/index.php?rest_route=\/wp\/v2\/pages\/3299\/revisions"}],"predecessor-version":[{"id":3983,"href":"https:\/\/web.somdelbarri.es\/index.php?rest_route=\/wp\/v2\/pages\/3299\/revisions\/3983"}],"wp:attachment":[{"href":"https:\/\/web.somdelbarri.es\/index.php?rest_route=%2Fwp%2Fv2%2Fmedia&parent=3299"}],"curies":[{"name":"wp","href":"https:\/\/api.w.org\/{rel}","templated":true}]}}