{"id":2735,"date":"2022-11-28T11:00:32","date_gmt":"2022-11-28T11:00:32","guid":{"rendered":"https:\/\/web.somdelbarri.es\/?page_id=2735"},"modified":"2024-01-01T21:12:56","modified_gmt":"2024-01-01T21:12:56","slug":"qui-som","status":"publish","type":"page","link":"https:\/\/web.somdelbarri.es\/?page_id=2735","title":{"rendered":"Qui Som"},"content":{"rendered":"<div id=\"pl-2735\"  class=\"panel-layout\" ><div id=\"pg-2735-0\"  class=\"panel-grid panel-no-style\" ><div id=\"pgc-2735-0-0\"  class=\"panel-grid-cell\" ><div id=\"panel-2735-0-0-0\" class=\"widget_text so-panel widget widget_custom_html panel-first-child panel-last-child\" data-index=\"0\" ><h3 class=\"widget-title\">Qui Som<\/h3><div class=\"textwidget custom-html-widget\"><p>\n\tSom del Barri  \u00e9s una associaci\u00f3 constitu\u00efda al febrer del 2017 per ve\u00efnes del barri que vol\u00edem organitzar una xarxa d\u2019ajuda per aconseguir el benestar personal, l\u2019autoestima, la lluita contra la precarietat laboral i aconseguir treball retribu\u00eft que concili\u00e9s la vida laboral i personal.\n<\/p>\n<p>\n  Missi\u00f3\n\tOrganitzar una xarxa comunit\u00e0ria i de suport mutu per aconseguir l\u2019apoderament personal, l\u2019autoestima, la lluita contra la precarietat laboral i la manca de treball, promovent la conciliaci\u00f3 i la equitat.\n\t<\/p>\n<p>\n\tVissi\u00f3\n\tSom de Barri vol ser una entitat referent en projectes d\u2019autoocupaci\u00f3 col\u00b7lectiva de l\u2019economia social, solid\u00e0ria, feminista i intercultural, amb processos d\u2019acollida i apoderament a persones en situaci\u00f3 vulnerable als nostres territoris.\n<\/p>\n<p>\tEls valors que fonamenten els objectius i l\u2019activitat de Som de Barri s\u00f3n els seg\u00fcents:\n\t<\/p>\n<ol>\n\u27a2 La VIDA al centre\n\t<\/ol>\t\t<ol>\n\u27a2 Autoestima i enriquiment personal\n\t<\/ol>\t<ol>\n\u27a2 Igualtat d\u2019oportunitats\n\t<\/ol>\t<ol>\n\u27a2 Cultura de di\u00e0leg\n\t<\/ol>\t<ol>\n\u27a2 Interculturalitat\n\t<\/ol>\t<ol>\n\u27a2 Inter generacional\n\t<\/ol>\t<ol>\n\u27a2 Diversitat de genere\n\t<\/ol>\t<ol>\n\u27a2 Lideratge femen\u00ed\n\t<\/ol>\t<ol>\n\u27a2 Inclusi\u00f3 social\n\t<\/ol>\t<ol>\n\u27a2 Consum responsable i economia circular i sostenible\n\t<\/ol>\t<ol>\n\u27a2 Sostenibilitat aliment\u00e0ria i alimentaci\u00f3 saludable\n\t<\/ol>\t<ol>\n\u27a2 Governan\u00e7a democr\u00e0tica.\n\t<\/ol>\t<ol>\n\u27a2 Enxarxament al territori\n\t<\/ol>\t\n\t<p>\n\tEls Objectius i comprom\u00eds social de l\u2019associaci\u00f3 s\u00f3n:\n\t\t<\/p>\n<ol>\n\u2022 Impulsar l\u2019apoderament i el lideratge femen\u00ed.\n<\/ol>\t<ol>\n\u2022 Promoure els principis de llibertat, equitat, igualtat d\u2019oportunitats, de sostenibilitat i\nharmonia amb l\u2019entorn i el medi ambient.\n\t<\/ol>\t<ol>\n\u2022 Sensibilitzar i apropar l\u2019economia social i solid\u00e0ria, de manera aut\u00f2noma, responsable,\ndemocr\u00e0tica i ecol\u00f2gica a totes les persones.\n\t\t<\/ol>\t<ol>\n\u2022 Potenciar el consum responsable, el comer\u00e7 de proximitat i fomentar el mercat social\n\t\t<\/ol>\t\t<ol>\n\u2022 Economia circular i ecofeminisme.\n\t\t<\/ol>\t\t<ol>\n\u2022 Construir i mantenir un ecosistema laboral amb valors en el territori on les persones\npuguin trobar el seu treball remunerat\n\t\t\t<\/ol>\t\t<ol>\n\u2022 Promoure relacions laborals que considerin la import\u00e0ncia de la conciliaci\u00f3 del temps de\ncura, familiar, laboral, personal i social.\n\t\t\t\t<\/ol>\t\t<ol>\n\u2022 Fomentar i donar suport al cooperativisme.\n\t\t\t\t\t<\/ol>\t\t<ol>\n\u2022 Fomentar i donar suport a l\u2019autoocupaci\u00f3 individual i col\u00b7lectiva.\n\t\t\t\t\t\t<\/ol>\t\t<ol>\n\u2022 Promoure relacions personals i laborals basades en els valors de: confian\u00e7a,\ncorresponsabilitat, transpar\u00e8ncia, determinaci\u00f3, cooperaci\u00f3, autonomia i participaci\u00f3.\n\t\t\t\t\t\t\t<\/ol>\t\t<ol>\n\u2022 Crear sinergies entre les necessitats del territori i les capacitats de ve\u00efnes i ve\u00efns per\nintentar guanyar qualitat de vida.\n\t<\/ol>\t\t\n<p>\n\tJuntes, som m\u00e9s fortes!!\n<\/p><\/div><\/div><\/div><\/div><\/div>","protected":false},"excerpt":{"rendered":"<p>Qui Som Som del Barri \u00e9s una associaci\u00f3 constitu\u00efda al febrer del 2017 per ve\u00efnes del barri que vol\u00edem organitzar una xarxa d\u2019ajuda per aconseguir el benestar personal, l\u2019autoestima, la [&hellip;]<\/p>\n","protected":false},"author":1,"featured_media":0,"parent":0,"menu_order":0,"comment_status":"closed","ping_status":"closed","template":"page_front-page.php","meta":[],"_links":{"self":[{"href":"https:\/\/web.somdelbarri.es\/index.php?rest_route=\/wp\/v2\/pages\/2735"}],"collection":[{"href":"https:\/\/web.somdelbarri.es\/index.php?rest_route=\/wp\/v2\/pages"}],"about":[{"href":"https:\/\/web.somdelbarri.es\/index.php?rest_route=\/wp\/v2\/types\/page"}],"author":[{"embeddable":true,"href":"https:\/\/web.somdelbarri.es\/index.php?rest_route=\/wp\/v2\/users\/1"}],"replies":[{"embeddable":true,"href":"https:\/\/web.somdelbarri.es\/index.php?rest_route=%2Fwp%2Fv2%2Fcomments&post=2735"}],"version-history":[{"count":39,"href":"https:\/\/web.somdelbarri.es\/index.php?rest_route=\/wp\/v2\/pages\/2735\/revisions"}],"predecessor-version":[{"id":3239,"href":"https:\/\/web.somdelbarri.es\/index.php?rest_route=\/wp\/v2\/pages\/2735\/revisions\/3239"}],"wp:attachment":[{"href":"https:\/\/web.somdelbarri.es\/index.php?rest_route=%2Fwp%2Fv2%2Fmedia&parent=2735"}],"curies":[{"name":"wp","href":"https:\/\/api.w.org\/{rel}","templated":true}]}}